{"id":4320,"date":"2016-02-13T11:07:17","date_gmt":"2016-02-13T09:07:17","guid":{"rendered":"http:\/\/www.rentila.com\/blog\/?page_id=4320"},"modified":"2025-11-15T19:16:59","modified_gmt":"2025-11-15T17:16:59","slug":"textes-de-loi-gestion-locative","status":"publish","type":"page","link":"https:\/\/www.rentila.com\/blog\/textes-de-loi-gestion-locative\/","title":{"rendered":"Les textes de loi sur la gestion locative et la location immobili\u00e8re"},"content":{"rendered":"<div><img decoding=\"async\" class=\"alignleft size-full wp-image-516\" title=\"newspaper\" src=\"https:\/\/www.rentila.com\/assets\/img\/blog\/blog_certificates.png\" alt=\"Logements vacants : quel impact sur le march\u00e9 locatif ?\" width=\"100%\" height=\"\" \/><\/div>\n<p class=\"lead\">\nLa gestion locative est encadr\u00e9e par un ensemble de textes juridiques pr\u00e9cis qui r\u00e9gissent les droits et obligations des bailleurs et des locataires. Ces textes constituent le socle l\u00e9gal de toute location immobili\u00e8re, qu\u2019il s\u2019agisse d\u2019un logement vide, meubl\u00e9, saisonnier ou professionnel. Conna\u00eetre et comprendre ces r\u00e9f\u00e9rences l\u00e9gislatives est indispensable pour s\u00e9curiser vos pratiques, \u00e9viter les litiges et assurer une relation locative conforme au droit en vigueur. Loi du 6 juillet 1989, loi Alur, loi \u00c9lan, loi Climat et R\u00e9silience, d\u00e9crets d\u2019application, jurisprudence : ces dispositifs forment un cadre complexe mais structurant que tout propri\u00e9taire bailleur ou gestionnaire immobilier se doit de ma\u00eetriser.\n<\/p>\n<div class=\"row\">\n<div class=\"span12\">\n<div class=\"phase-content__flag phase-1 m-b-30\">Textes de loi<\/div>\n<h2 class=\"\">Les textes de loi divers<\/h2>\n<h5>Loi Elan 23 novembre 2018<\/h5>\n<p>La loi no 2018-1021 du 23 novembre 2018 portant \u00e9volution du logement, de l&rsquo;am\u00e9nagement et du num\u00e9rique. <a href=\"https:\/\/www.legifrance.gouv.fr\/affichTexte.do?cidTexte=JORFTEXT000037639478&amp;categorieLien=id\" target=\"_blank\" alt=\"Loi Alur 24 mars 2014\" rel=\"noopener noreferrer\">Consulter<\/a><\/p>\n<h5>Loi Alur 24 mars 2014<\/h5>\n<p>La loi no 2014-366 du 24 mars 2014 pour l&rsquo;acc\u00e8s au logement et un urbanisme r\u00e9nov\u00e9, dite loi ALUR ou loi Duflot II, est une loi fran\u00e7aise relative au logement. <a href=\"https:\/\/www.legifrance.gouv.fr\/affichTexte.do?cidTexte=JORFTEXT000028772256&amp;categorieLien=id\" target=\"_blank\" alt=\"Loi Alur 24 mars 2014\" rel=\"noopener noreferrer\">Consulter<\/a><\/p>\n<h5>Loi du 6 juillet 1989<\/h5>\n<p>Ce texte regroupe l&rsquo;ensemble des droits et devoirs qui s&rsquo;appliquent aux propri\u00e9taires bailleurs et locataires dans le cadre de la location d&rsquo;un logement. <a href=\"https:\/\/www.legifrance.gouv.fr\/affichTexte.do?cidTexte=JORFTEXT000000509310\" target=\"_blank\" alt=\"Loi du 6 juillet 1989\" rel=\"noopener noreferrer\">Consulter<\/a><\/p>\n<h5>R\u00e9parations locatives D\u00e9cret 87-712 du 26 aout 1987<\/h5>\n<p>Le d\u00e9cret d\u00e9finit les r\u00e9parations d\u2019entretien courant qui sont \u00e0 la charge du locataire. <a href=\"https:\/\/www.legifrance.gouv.fr\/affichTexte.do?cidTexte=LEGITEXT000006066148\" target=\"_blank\" rel=\"noopener noreferrer\">Consulter<\/a><\/p>\n<h5>Logement d\u00e9cent D\u00e9cret 2002-120 du 30 janvier 2002<\/h5>\n<p>Le bailleur doit fournir au locataire un logement d\u00e9cent, r\u00e9pondant \u00e0 des crit\u00e8res sp\u00e9cifiques. <a href=\"https:\/\/www.legifrance.gouv.fr\/affichTexte.do?cidTexte=LEGITEXT000005632175&amp;dateTexte=20110729\" target=\"_blank\" rel=\"noopener noreferrer\">Consulter<\/a><\/p>\n<h5>Location \u00e9tudiant Loi n\u00b0 2005-841 du 26 juillet 2005<\/h5>\n<p>La location d&rsquo;un logement \u00e0 un \u00e9tudiant peut \u00eatre consentie pour une dur\u00e9e de neuf mois, non renouvelable. <a href=\"https:\/\/www.legifrance.gouv.fr\/eli\/loi\/2005\/7\/26\/SOCX0500099L\/jo#JORFARTI000002463350\" target=\"_blank\" rel=\"noopener noreferrer\">Consulter<\/a><\/p>\n<h5>Logement meubl\u00e9 D\u00e9cret n\u00b0 2015-981 du 31 juillet 2015<\/h5>\n<p>La la liste des \u00e9l\u00e9ments de mobilier d&rsquo;un logement meubl\u00e9. <a href=\"https:\/\/www.legifrance.gouv.fr\/affichTexte.do?cidTexte=JORFTEXT000030967884\" target=\"_blank\" rel=\"noopener noreferrer\">Consulter<\/a><\/p>\n<h5>Plafonnement des honoraires D\u00e9cret n\u00b0 2014-890 du 1er ao\u00fbt 2014<\/h5>\n<p>Le d\u00e9cret relatif au plafonnement des honoraires imputables aux locataires et aux modalit\u00e9s de transmission de certaines informations par les professionnels de l&rsquo;immobilier.  <a href=\"https:\/\/www.legifrance.gouv.fr\/affichTexte.do?cidTexte=JORFTEXT000029337625&amp;categorieLien=id\" target=\"_blank\" rel=\"noopener noreferrer\">Consulter<\/a><\/p>\n<h5>Liste des zones tendues D\u00e9cret n\u00b0 2013-392 du 10 mai 2013<\/h5>\n<p>Le d\u00e9cret relatif au champ d\u2019application de la taxe annuelle sur les logements vacants institu\u00e9e par l\u2019article 232 du Code g\u00e9n\u00e9ral des imp\u00f4ts.   <a href=\"https:\/\/www.legifrance.gouv.fr\/affichTexte.do?cidTexte=JORFTEXT000027399823&amp;dateTexte=&amp;categorieLien=id\" target=\"_blank\" rel=\"noopener noreferrer\">Consulter<\/a><\/p>\n<h5>D\u00e9cret n\u00b0 2015-931 du 29 juillet 2015 relatif \u00e0 l&rsquo;encadrement des loyers<\/h5>\n<p>Le d\u00e9cret relatif \u00e0 l&rsquo;\u00e9volution de certains loyers dans le cadre d&rsquo;une nouvelle location ou d&rsquo;un renouvellement de bail, pris en application de l&rsquo;article 18 de la loi n\u00b0 89-462 du 6 juillet 1989.   <a href=\"https:\/\/www.legifrance.gouv.fr\/affichTexte.do?cidTexte=JORFTEXT000030954767&amp;categorieLien=id\" target=\"_blank\" rel=\"noopener noreferrer\">Consulter<\/a><\/p>\n<h5>D\u00e9cret n\u00b0 2015-650 du 10 juin 2015 relatif \u00e0 l&rsquo;encadrement des loyers<\/h5>\n<p>Le d\u00e9cret relatif aux modalit\u00e9s de mise en \u0153uvre du dispositif d&rsquo;encadrement du niveau de certains loyers et modifiant l&rsquo;annexe \u00e0 l&rsquo;article R.* 366-5 du code de la construction et de l&rsquo;habitation.   <a href=\"https:\/\/www.legifrance.gouv.fr\/eli\/decret\/2015\/6\/10\/ETLL1505864D\/jo\/texte\" target=\"_blank\" rel=\"noopener noreferrer\">Consulter<\/a><\/p>\n<h5>La loi \u00ab\u00a0Climat et R\u00e9silience\u00a0\u00bb<\/h5>\n<p>La loi \u00ab Climat et R\u00e9silience \u00bb, promulgu\u00e9e le 22 ao\u00fbt 2021, reprend une partie des 146 propositions issues de la Convention citoyenne pour le climat, retenues par le pr\u00e9sident de la R\u00e9publique. Son objectif : r\u00e9duire les \u00e9missions de gaz \u00e0 effet de serre de 40&nbsp;% d\u2019ici 2030, tout en veillant \u00e0 pr\u00e9server la justice sociale. <a href=\"https:\/\/www.legifrance.gouv.fr\/jorf\/id\/JORFTEXT000043956924\" target=\"_blank\" rel=\"noopener noreferrer\">Consulter<\/a><\/p>\n<\/div>\n<\/div>\n<hr \/>\n<div class=\"row\">\n<div class=\"span12\">\n<div class=\"phase-content__flag phase-1 m-b-30\">Contrat de location<\/div>\n<h2 class=\"\">Les contrats de location<\/h2>\n<h5>Mod\u00e8le de contrat D\u00e9cret n\u00b0 2015-587 du 29 mai 2015<\/h5>\n<p>Ce texte est relatif aux contrats types de location de logement \u00e0 usage de r\u00e9sidence principale <a href=\"https:\/\/www.legifrance.gouv.fr\/eli\/decret\/2015\/5\/29\/ETLL1430990D\/jo\/texte\" target=\"_blank\" alt=\"\" rel=\"noopener noreferrer\">Consulter<\/a><\/p>\n<h5>Notice \u00e0 annexer au contrats de location de r\u00e9sidence principale<\/h5>\n<p>Arr\u00eat\u00e9 du 29 mai 2015 relatif au contenu de la notice d&rsquo;information annex\u00e9e aux contrats de location de logement \u00e0 usage de r\u00e9sidence principale <a href=\"https:\/\/www.legifrance.gouv.fr\/affichTexte.do?cidTexte=JORFTEXT000030649902\" target=\"_blank\" rel=\"noopener noreferrer\">Consulter<\/a><\/p>\n<\/div>\n<\/div>\n<hr \/>\n<div class=\"row\">\n<div class=\"span12\">\n<div class=\"phase-content__flag phase-1\">Diagnostics location<\/div>\n<h2>Diagnostics \u00e0 fournir lors de la location<\/h2>\n<p>D\u00e8s la signature du bail, le bailleur doit remettre au locataire un dossier de diagnostic technique (DDT) complet et r\u00e9cent, sous format papier ou num\u00e9rique. La validit\u00e9 des diagnostics varie et certains doivent \u00eatre renouvel\u00e9s r\u00e9guli\u00e8rement.<\/p>\n<h5>Diagnostic de performance \u00e9nerg\u00e9tique (DPE)<\/h5>\n<p>Le DPE renseigne sur la consommation \u00e9nerg\u00e9tique et les \u00e9missions de gaz \u00e0 effet de serre du logement. Depuis le 1er janvier 2025, la location des passoires thermiques class\u00e9es G est interdite, avec une obligation d&rsquo;am\u00e9lioration des logements class\u00e9s F d\u2019ici 2028 et E d\u2019ici 2034. Un DPE r\u00e9alis\u00e9 avant juillet 2021 doit \u00eatre refait. <a href=\"https:\/\/www.service-public.fr\/particuliers\/vosdroits\/F16096\" target=\"_blank\" rel=\"noopener noreferrer\">Consulter<\/a><\/p>\n<h5>Constat de risque d&rsquo;exposition au plomb (CREP)<\/h5>\n<p>Ce diagnostic informe sur la pr\u00e9sence de plomb, obligatoire pour les logements construits avant 1949. <a href=\"https:\/\/www.service-public.fr\/particuliers\/vosdroits\/F1142\" target=\"_blank\" rel=\"noopener noreferrer\">Consulter<\/a><\/p>\n<h5>Diagnostic amiante<\/h5>\n<p>L\u2019\u00e9tat d\u2019amiante recherche la pr\u00e9sence de mat\u00e9riaux contenant de l\u2019amiante dans les b\u00e2timents construits avant 1997. <a href=\"https:\/\/www.service-public.fr\/particuliers\/vosdroits\/F742\" target=\"_blank\" rel=\"noopener noreferrer\">Consulter<\/a><\/p>\n<h5>\u00c9tat des risques naturels, miniers et technologiques (ERNMT\/ERP)<\/h5>\n<p>Ce document informe sur les risques naturels (inondation, mouvements de terrain), miniers et technologiques auxquels est expos\u00e9 le logement, notamment les risques radon ou retrait du trait de c\u00f4te. Sa validit\u00e9 est de 6 mois. <a href=\"https:\/\/www.service-public.fr\/particuliers\/vosdroits\/F12239\" target=\"_blank\" rel=\"noopener noreferrer\">Consulter<\/a><\/p>\n<h5>Diagnostic termites<\/h5>\n<p>Obligatoire seulement dans certaines zones d\u00e9finies par arr\u00eat\u00e9 pr\u00e9fectoral et pour certains biens. Ce diagnostic vise \u00e0 informer sur la pr\u00e9sence \u00e9ventuelle de termites. <a href=\"https:\/\/www.service-public.fr\/particuliers\/vosdroits\/F3150\" target=\"_blank\" rel=\"noopener noreferrer\">Consulter<\/a><\/p>\n<h5>\u00c9tat de l&rsquo;installation int\u00e9rieure d\u2019\u00e9lectricit\u00e9<\/h5>\n<p>Obligatoire pour les installations \u00e9lectriques de plus de 15 ans, ce diagnostic garantit la s\u00e9curit\u00e9 des installations. <a href=\"https:\/\/www.service-public.fr\/particuliers\/vosdroits\/F18692\" target=\"_blank\" rel=\"noopener noreferrer\">Consulter<\/a><\/p>\n<h5>\u00c9tat de l&rsquo;installation int\u00e9rieure de gaz<\/h5>\n<p>Ce diagnostic est obligatoire pour les installations de gaz de plus de 15 ans, portant sur leur s\u00e9curit\u00e9. <a href=\"https:\/\/www.service-public.fr\/particuliers\/vosdroits\/F17337\" target=\"_blank\" rel=\"noopener noreferrer\">Consulter<\/a><\/p>\n<h5>Diagnostic bruit (ENSA)<\/h5>\n<p>Dans les zones d\u2019exposition aux nuisances sonores des a\u00e9roports, un diagnostic bruit est d\u00e9sormais requis pour la premi\u00e8re mise en location. <a href=\"https:\/\/www.service-public.gouv.fr\/particuliers\/vosdroits\/F352667\" target=\"_blank\" rel=\"noopener noreferrer\">Consulter<\/a><\/p>\n<h5>Diagnostic m\u00e9rule<\/h5>\n<p>Dans certaines collectivit\u00e9s \u00e0 risque, ce diagnostic est obligatoire pour d\u00e9tecter la pr\u00e9sence de m\u00e9rule (champignon lignivore). <a href=\"https:\/\/www.service-public.gouv.fr\/particuliers\/vosdroits\/F10798\" target=\"_blank\" rel=\"noopener noreferrer\">Consulter<\/a><\/p>\n<\/div>\n<\/div>\n","protected":false},"excerpt":{"rendered":"<p>La gestion locative est encadr\u00e9e par un ensemble de textes juridiques pr\u00e9cis qui r\u00e9gissent les droits et obligations des bailleurs et des locataires. Ces textes constituent le socle l\u00e9gal de toute location immobili\u00e8re, qu\u2019il s\u2019agisse d\u2019un logement vide, meubl\u00e9, saisonnier ou professionnel. Conna\u00eetre et comprendre ces r\u00e9f\u00e9rences l\u00e9gislatives est indispensable pour s\u00e9curiser vos pratiques, \u00e9viter [&hellip;]<\/p>\n","protected":false},"author":1,"featured_media":0,"parent":0,"menu_order":0,"comment_status":"closed","ping_status":"closed","template":"","meta":{"footnotes":""},"class_list":["post-4320","page","type-page","status-publish","hentry"],"yoast_head":"<!-- This site is optimized with the Yoast SEO plugin v27.4 - https:\/\/yoast.com\/product\/yoast-seo-wordpress\/ -->\n<title>Les textes de loi sur la gestion locative et la location immobili\u00e8re<\/title>\n<meta name=\"description\" content=\"Vous trouverez ci-dessous les diff\u00e9rentes textes de loi et informations applicables \u00e0 la gestion locative et location immobili\u00e8re\" \/>\n<meta name=\"robots\" content=\"index, follow, max-snippet:-1, max-image-preview:large, max-video-preview:-1\" \/>\n<link rel=\"canonical\" href=\"https:\/\/www.rentila.com\/blog\/textes-de-loi-gestion-locative\/\" \/>\n<meta property=\"og:locale\" content=\"fr_FR\" \/>\n<meta property=\"og:type\" content=\"article\" \/>\n<meta property=\"og:title\" content=\"Les textes de loi sur la gestion locative\" \/>\n<meta property=\"og:description\" content=\"Vous trouverez ci-dessous les diff\u00e9rentes textes de loi et d\u00e9crets applicables \u00e0 la gestion locative\" \/>\n<meta property=\"og:url\" content=\"https:\/\/www.rentila.com\/blog\/textes-de-loi-gestion-locative\/\" \/>\n<meta property=\"og:site_name\" content=\"Rentila le blog immobilier et gestion locative\" \/>\n<meta property=\"article:modified_time\" content=\"2025-11-15T17:16:59+00:00\" \/>\n<meta name=\"twitter:card\" content=\"summary_large_image\" \/>\n<meta name=\"twitter:label1\" content=\"Dur\u00e9e de lecture estim\u00e9e\" \/>\n\t<meta name=\"twitter:data1\" content=\"5 minutes\" \/>\n<script type=\"application\/ld+json\" class=\"yoast-schema-graph\">{\"@context\":\"https:\\\/\\\/schema.org\",\"@graph\":[{\"@type\":\"WebPage\",\"@id\":\"https:\\\/\\\/www.rentila.com\\\/blog\\\/textes-de-loi-gestion-locative\\\/\",\"url\":\"https:\\\/\\\/www.rentila.com\\\/blog\\\/textes-de-loi-gestion-locative\\\/\",\"name\":\"Les textes de loi sur la gestion locative et la location immobili\u00e8re\",\"isPartOf\":{\"@id\":\"https:\\\/\\\/www.rentila.com\\\/blog\\\/#website\"},\"primaryImageOfPage\":{\"@id\":\"https:\\\/\\\/www.rentila.com\\\/blog\\\/textes-de-loi-gestion-locative\\\/#primaryimage\"},\"image\":{\"@id\":\"https:\\\/\\\/www.rentila.com\\\/blog\\\/textes-de-loi-gestion-locative\\\/#primaryimage\"},\"thumbnailUrl\":\"https:\\\/\\\/www.rentila.com\\\/assets\\\/img\\\/blog\\\/blog_certificates.png\",\"datePublished\":\"2016-02-13T09:07:17+00:00\",\"dateModified\":\"2025-11-15T17:16:59+00:00\",\"description\":\"Vous trouverez ci-dessous les diff\u00e9rentes textes de loi et informations applicables \u00e0 la gestion locative et location immobili\u00e8re\",\"breadcrumb\":{\"@id\":\"https:\\\/\\\/www.rentila.com\\\/blog\\\/textes-de-loi-gestion-locative\\\/#breadcrumb\"},\"inLanguage\":\"fr-FR\",\"potentialAction\":[{\"@type\":\"ReadAction\",\"target\":[\"https:\\\/\\\/www.rentila.com\\\/blog\\\/textes-de-loi-gestion-locative\\\/\"]}]},{\"@type\":\"ImageObject\",\"inLanguage\":\"fr-FR\",\"@id\":\"https:\\\/\\\/www.rentila.com\\\/blog\\\/textes-de-loi-gestion-locative\\\/#primaryimage\",\"url\":\"https:\\\/\\\/www.rentila.com\\\/assets\\\/img\\\/blog\\\/blog_certificates.png\",\"contentUrl\":\"https:\\\/\\\/www.rentila.com\\\/assets\\\/img\\\/blog\\\/blog_certificates.png\"},{\"@type\":\"BreadcrumbList\",\"@id\":\"https:\\\/\\\/www.rentila.com\\\/blog\\\/textes-de-loi-gestion-locative\\\/#breadcrumb\",\"itemListElement\":[{\"@type\":\"ListItem\",\"position\":1,\"name\":\"Accueil\",\"item\":\"https:\\\/\\\/www.rentila.com\\\/blog\\\/\"},{\"@type\":\"ListItem\",\"position\":2,\"name\":\"Les textes de loi sur la gestion locative et la location immobili\u00e8re\"}]},{\"@type\":\"WebSite\",\"@id\":\"https:\\\/\\\/www.rentila.com\\\/blog\\\/#website\",\"url\":\"https:\\\/\\\/www.rentila.com\\\/blog\\\/\",\"name\":\"Rentila le blog immobilier et gestion locative\",\"description\":\"Conseils pratiques, actualit\u00e9 immobili\u00e8re\",\"publisher\":{\"@id\":\"https:\\\/\\\/www.rentila.com\\\/blog\\\/#organization\"},\"potentialAction\":[{\"@type\":\"SearchAction\",\"target\":{\"@type\":\"EntryPoint\",\"urlTemplate\":\"https:\\\/\\\/www.rentila.com\\\/blog\\\/?s={search_term_string}\"},\"query-input\":{\"@type\":\"PropertyValueSpecification\",\"valueRequired\":true,\"valueName\":\"search_term_string\"}}],\"inLanguage\":\"fr-FR\"},{\"@type\":\"Organization\",\"@id\":\"https:\\\/\\\/www.rentila.com\\\/blog\\\/#organization\",\"name\":\"Rentila le blog immobilier et gestion locative\",\"url\":\"https:\\\/\\\/www.rentila.com\\\/blog\\\/\",\"logo\":{\"@type\":\"ImageObject\",\"inLanguage\":\"fr-FR\",\"@id\":\"https:\\\/\\\/www.rentila.com\\\/blog\\\/#\\\/schema\\\/logo\\\/image\\\/\",\"url\":\"https:\\\/\\\/www.rentila.com\\\/blog\\\/wp-content\\\/uploads\\\/2015\\\/08\\\/logo_house_256px.png\",\"contentUrl\":\"https:\\\/\\\/www.rentila.com\\\/blog\\\/wp-content\\\/uploads\\\/2015\\\/08\\\/logo_house_256px.png\",\"width\":256,\"height\":256,\"caption\":\"Rentila le blog immobilier et gestion locative\"},\"image\":{\"@id\":\"https:\\\/\\\/www.rentila.com\\\/blog\\\/#\\\/schema\\\/logo\\\/image\\\/\"}}]}<\/script>\n<!-- \/ Yoast SEO plugin. -->","yoast_head_json":{"title":"Les textes de loi sur la gestion locative et la location immobili\u00e8re","description":"Vous trouverez ci-dessous les diff\u00e9rentes textes de loi et informations applicables \u00e0 la gestion locative et location immobili\u00e8re","robots":{"index":"index","follow":"follow","max-snippet":"max-snippet:-1","max-image-preview":"max-image-preview:large","max-video-preview":"max-video-preview:-1"},"canonical":"https:\/\/www.rentila.com\/blog\/textes-de-loi-gestion-locative\/","og_locale":"fr_FR","og_type":"article","og_title":"Les textes de loi sur la gestion locative","og_description":"Vous trouverez ci-dessous les diff\u00e9rentes textes de loi et d\u00e9crets applicables \u00e0 la gestion locative","og_url":"https:\/\/www.rentila.com\/blog\/textes-de-loi-gestion-locative\/","og_site_name":"Rentila le blog immobilier et gestion locative","article_modified_time":"2025-11-15T17:16:59+00:00","twitter_card":"summary_large_image","twitter_misc":{"Dur\u00e9e de lecture estim\u00e9e":"5 minutes"},"schema":{"@context":"https:\/\/schema.org","@graph":[{"@type":"WebPage","@id":"https:\/\/www.rentila.com\/blog\/textes-de-loi-gestion-locative\/","url":"https:\/\/www.rentila.com\/blog\/textes-de-loi-gestion-locative\/","name":"Les textes de loi sur la gestion locative et la location immobili\u00e8re","isPartOf":{"@id":"https:\/\/www.rentila.com\/blog\/#website"},"primaryImageOfPage":{"@id":"https:\/\/www.rentila.com\/blog\/textes-de-loi-gestion-locative\/#primaryimage"},"image":{"@id":"https:\/\/www.rentila.com\/blog\/textes-de-loi-gestion-locative\/#primaryimage"},"thumbnailUrl":"https:\/\/www.rentila.com\/assets\/img\/blog\/blog_certificates.png","datePublished":"2016-02-13T09:07:17+00:00","dateModified":"2025-11-15T17:16:59+00:00","description":"Vous trouverez ci-dessous les diff\u00e9rentes textes de loi et informations applicables \u00e0 la gestion locative et location immobili\u00e8re","breadcrumb":{"@id":"https:\/\/www.rentila.com\/blog\/textes-de-loi-gestion-locative\/#breadcrumb"},"inLanguage":"fr-FR","potentialAction":[{"@type":"ReadAction","target":["https:\/\/www.rentila.com\/blog\/textes-de-loi-gestion-locative\/"]}]},{"@type":"ImageObject","inLanguage":"fr-FR","@id":"https:\/\/www.rentila.com\/blog\/textes-de-loi-gestion-locative\/#primaryimage","url":"https:\/\/www.rentila.com\/assets\/img\/blog\/blog_certificates.png","contentUrl":"https:\/\/www.rentila.com\/assets\/img\/blog\/blog_certificates.png"},{"@type":"BreadcrumbList","@id":"https:\/\/www.rentila.com\/blog\/textes-de-loi-gestion-locative\/#breadcrumb","itemListElement":[{"@type":"ListItem","position":1,"name":"Accueil","item":"https:\/\/www.rentila.com\/blog\/"},{"@type":"ListItem","position":2,"name":"Les textes de loi sur la gestion locative et la location immobili\u00e8re"}]},{"@type":"WebSite","@id":"https:\/\/www.rentila.com\/blog\/#website","url":"https:\/\/www.rentila.com\/blog\/","name":"Rentila le blog immobilier et gestion locative","description":"Conseils pratiques, actualit\u00e9 immobili\u00e8re","publisher":{"@id":"https:\/\/www.rentila.com\/blog\/#organization"},"potentialAction":[{"@type":"SearchAction","target":{"@type":"EntryPoint","urlTemplate":"https:\/\/www.rentila.com\/blog\/?s={search_term_string}"},"query-input":{"@type":"PropertyValueSpecification","valueRequired":true,"valueName":"search_term_string"}}],"inLanguage":"fr-FR"},{"@type":"Organization","@id":"https:\/\/www.rentila.com\/blog\/#organization","name":"Rentila le blog immobilier et gestion locative","url":"https:\/\/www.rentila.com\/blog\/","logo":{"@type":"ImageObject","inLanguage":"fr-FR","@id":"https:\/\/www.rentila.com\/blog\/#\/schema\/logo\/image\/","url":"https:\/\/www.rentila.com\/blog\/wp-content\/uploads\/2015\/08\/logo_house_256px.png","contentUrl":"https:\/\/www.rentila.com\/blog\/wp-content\/uploads\/2015\/08\/logo_house_256px.png","width":256,"height":256,"caption":"Rentila le blog immobilier et gestion locative"},"image":{"@id":"https:\/\/www.rentila.com\/blog\/#\/schema\/logo\/image\/"}}]}},"_links":{"self":[{"href":"https:\/\/www.rentila.com\/blog\/wp-json\/wp\/v2\/pages\/4320","targetHints":{"allow":["GET"]}}],"collection":[{"href":"https:\/\/www.rentila.com\/blog\/wp-json\/wp\/v2\/pages"}],"about":[{"href":"https:\/\/www.rentila.com\/blog\/wp-json\/wp\/v2\/types\/page"}],"author":[{"embeddable":true,"href":"https:\/\/www.rentila.com\/blog\/wp-json\/wp\/v2\/users\/1"}],"replies":[{"embeddable":true,"href":"https:\/\/www.rentila.com\/blog\/wp-json\/wp\/v2\/comments?post=4320"}],"version-history":[{"count":37,"href":"https:\/\/www.rentila.com\/blog\/wp-json\/wp\/v2\/pages\/4320\/revisions"}],"predecessor-version":[{"id":19237,"href":"https:\/\/www.rentila.com\/blog\/wp-json\/wp\/v2\/pages\/4320\/revisions\/19237"}],"wp:attachment":[{"href":"https:\/\/www.rentila.com\/blog\/wp-json\/wp\/v2\/media?parent=4320"}],"curies":[{"name":"wp","href":"https:\/\/api.w.org\/{rel}","templated":true}]}}